{"id":9194,"date":"2025-12-10T15:26:45","date_gmt":"2025-12-10T14:26:45","guid":{"rendered":"https:\/\/wanicki.pl\/?page_id=9194"},"modified":"2025-12-11T10:56:22","modified_gmt":"2025-12-11T09:56:22","slug":"kawa-u-wanickiego","status":"publish","type":"page","link":"https:\/\/wanicki.pl\/en\/kawa-u-wanickiego\/","title":{"rendered":"Kawa u Wanickiego"},"content":{"rendered":"<div class=\"wp-block-wanicki-hero-header hero-header\">\n    <div class=\"hero-header__image hero-header__image--desktop\"\n          style=\"background-image: url(https:\/\/wanicki.pl\/wp-content\/uploads\/2025\/12\/sniadanie_1920x1080-jd.jpg)\" ><\/div>\n    <div class=\"hero-header__image hero-header__image--mobile\"\n          style=\"background-image: url(https:\/\/wanicki.pl\/wp-content\/uploads\/2025\/12\/sniadanie_1920x1080-jd.jpg)\"\n         >\n    <\/div>\n    <div class=\"hero-header__container container\">\n        <h1 class=\"hero-header__title\"><strong>KAWA U WANICKIEGO<\/strong> <\/h1>\n                    <div class=\"hero-header__subtitle\"><p>Zapraszamy do wsp\u00f3lnej rozmowy przy dobrej kawie o codziennych wyzwaniach w gospodarstwie oraz mo\u017cliwo\u015bciach, kt\u00f3re mog\u0105 u\u0142atwi\u0107 prac\u0119 i obni\u017cy\u0107 koszty.<\/p>\n<p>&nbsp;<\/p>\n<p>&nbsp;<\/p>\n<p><strong><span style=\"font-size: 18pt;\">Nie czekaj.\u00a0<\/span><\/strong><strong><span style=\"font-size: 18pt;\">Ilo\u015b\u0107 miejsc ograniczona!\u00a0<\/span><\/strong><\/p>\n<p>&nbsp;<\/p>\n<p>19.12.2025r.(pi\u0105tek) godz. 14:00<\/p>\n<p>&nbsp;<\/p>\n<p>Wanicki Jaros\u0142aw (Tywonia 1a, 37-500 Jaros\u0142aw)<\/p>\n<p>&nbsp;<\/p>\n<\/div>\n                            <a href=\"#formularz\"\n               class=\"btn \"\n                           >ZAREZERWUJ MIEJSCE<\/a>\n            <\/div>\n<\/div>\n\n\n<div class=\"wp-block-wanicki-job-form job-form__container\" id=\"formularz\">\n    <div class=\"container job-form\">\n        <div class=\"job-form__info\">\n            <h2 class=\"job-form__info-title\">Spotkajmy si\u0119 i porozmawiajmy!<\/h2>\n                    <p class=\"job-form__info-text\">\n                Wype\u0142nij formularz i zapisz si\u0119 na kaw\u0119 u Wanickiego! Do zobaczenia!\n            <\/p>\n        <\/div>\n        <div class=\"job-form__form\">\n            \n<div class=\"wpcf7 no-js\" id=\"wpcf7-f9211-o1\" lang=\"pl-PL\" dir=\"ltr\" data-wpcf7-id=\"9211\">\n<div class=\"screen-reader-response\"><p role=\"status\" aria-live=\"polite\" aria-atomic=\"true\"><\/p> <ul><\/ul><\/div>\n<form action=\"\/en\/wp-json\/wp\/v2\/pages\/9194#wpcf7-f9211-o1\" method=\"post\" class=\"wpcf7-form init\" aria-label=\"Formularz kontaktowy\" novalidate=\"novalidate\" data-status=\"init\">\n<fieldset class=\"hidden-fields-container\"><input type=\"hidden\" name=\"_wpcf7\" value=\"9211\" \/><input type=\"hidden\" name=\"_wpcf7_version\" value=\"6.1.5\" \/><input type=\"hidden\" name=\"_wpcf7_locale\" value=\"pl_PL\" \/><input type=\"hidden\" name=\"_wpcf7_unit_tag\" value=\"wpcf7-f9211-o1\" \/><input type=\"hidden\" name=\"_wpcf7_container_post\" value=\"0\" \/><input type=\"hidden\" name=\"_wpcf7_posted_data_hash\" value=\"\" \/><input type=\"hidden\" name=\"_wpcf7_recaptcha_response\" value=\"\" \/>\n<\/fieldset>\n<div class=\"form-columns\">\n\t<p><label><span class=\"form-label\">Imi\u0119*<\/span><span class=\"wpcf7-form-control-wrap\" data-name=\"your-name\"><input size=\"40\" maxlength=\"400\" class=\"wpcf7-form-control wpcf7-text wpcf7-validates-as-required\" aria-required=\"true\" aria-invalid=\"false\" value=\"\" type=\"text\" name=\"your-name\" \/><\/span><\/label><br \/>\n<label><span class=\"form-label\">Nazwisko<\/span><span class=\"wpcf7-form-control-wrap\" data-name=\"your-surname\"><input size=\"40\" maxlength=\"400\" class=\"wpcf7-form-control wpcf7-text wpcf7-validates-as-required\" aria-required=\"true\" aria-invalid=\"false\" value=\"\" type=\"text\" name=\"your-surname\" \/><\/span><\/label>\n\t<\/p>\n<\/div>\n<div class=\"form-columns\">\n\t<p><label><span class=\"form-label\">Email*<\/span><span class=\"wpcf7-form-control-wrap\" data-name=\"your-email\"><input size=\"40\" maxlength=\"400\" class=\"wpcf7-form-control wpcf7-email wpcf7-validates-as-required wpcf7-text wpcf7-validates-as-email\" aria-required=\"true\" aria-invalid=\"false\" value=\"\" type=\"email\" name=\"your-email\" \/><\/span><\/label><br \/>\n<label><span class=\"form-label\">Numer telefonu<\/span><span class=\"wpcf7-form-control-wrap\" data-name=\"your-phone\"><input size=\"40\" maxlength=\"400\" class=\"wpcf7-form-control wpcf7-tel wpcf7-validates-as-required wpcf7-text wpcf7-validates-as-tel\" aria-required=\"true\" aria-invalid=\"false\" value=\"\" type=\"tel\" name=\"your-phone\" \/><\/span><\/label>\n\t<\/p>\n<\/div>\n<div class=\"form-columns\">\n\t<p><label><span class=\"form-label\">Data wydarzenia<\/span><span class=\"wpcf7-form-control-wrap\" data-name=\"data\"><select class=\"wpcf7-form-control wpcf7-select qty qty--select select-input\" aria-invalid=\"false\" name=\"data\"><option value=\"JAROS\u0141AW 19.12.2025\">JAROS\u0141AW 19.12.2025<\/option><\/select><\/span><br \/>\n<\/label>\n\t<\/p>\n\t<div class=\"checkbox-input\" style=\"font-size: 0.75em\">\n\t\t<p>        <span class=\"wpcf7-form-control-wrap\" data-name=\"checkall-69f58591b14e3\">\r\n            <span class=\"wpcf7-form-control wpcf7-acceptance optional\">\r\n                <span class=\"wpcf7-list-item\">\r\n                    <input type=\"checkbox\" name=\"checkall-69f58591b14e3\" aria-invalid=\"false\" id=\"checkall-69f58591b14e3\" \/>\r\n                <\/span>\r\n            <\/span>\r\n        <\/span>\r\n        <div>\r\n            <p>\r\n                Zaznacz wszystkie pola            <\/p>\r\n        <\/div>\r\n    \n\t\t<\/p>\n\t<\/div>\n\t<div class=\"checkbox-input\" style=\"font-size: 0.75em\">\n\t\t<p><span class=\"wpcf7-form-control-wrap\" data-name=\"your-acceptance\"><span class=\"wpcf7-form-control wpcf7-acceptance\"><span class=\"wpcf7-list-item\"><input type=\"checkbox\" name=\"your-acceptance\" value=\"1\" aria-invalid=\"false\" \/><\/span><\/span><\/span>\n\t\t<\/p>\n\t\t<div>\n\t\t\t<p>*O\u015bwiadczam, \u017ce zapozna\u0142em si\u0119 z <a href='\/polityka-prywatnosci\/' target=\"_blank\">Polityk\u0105 prywatno\u015bci oraz Regulaminem \u015bwiadczenia us\u0142ug drog\u0105 elektroniczn\u0105<\/a> i akceptuj\u0119 ich tre\u015b\u0107.\n\t\t\t<\/p>\n\t\t<\/div>\n\t<\/div>\n\t<div class=\"checkbox-input\" style=\"font-size: 0.75em\">\n\t\t<p><span class=\"wpcf7-form-control-wrap\" data-name=\"your-acceptance-info\"><span class=\"wpcf7-form-control wpcf7-acceptance optional\"><span class=\"wpcf7-list-item\"><input type=\"checkbox\" name=\"your-acceptance-info\" value=\"1\" aria-invalid=\"false\" \/><\/span><\/span><\/span>\n\t\t<\/p>\n\t\t<div>\n\t\t\t<p>Wyra\u017cam zgod\u0119 na przesy\u0142anie informacji handlowej skierowanej za pomoc\u0105 \u015brodk\u00f3w komunikacji elektronicznej oraz na u\u017cywanie telekomunikacyjnych urz\u0105dze\u0144 ko\u0144cowych i automatycznych system\u00f3w wywo\u0142uj\u0105cych dla cel\u00f3w marketingu bezpo\u015bredniego przez Grup\u0119 Wanicki*\n\t\t\t<\/p>\n\t\t<\/div>\n\t<\/div>\n\t<div style=\"font-size: 0.75em\">\n\t\t<p>Zgoda obejmuje kontakt za po\u015brednictwem:\n\t\t<\/p>\n\t<\/div>\n\t<div class=\"checkbox-input\" style=\"font-size: 0.75em\">\n\t\t<p><span class=\"wpcf7-form-control-wrap\" data-name=\"your-acceptance-email\"><span class=\"wpcf7-form-control wpcf7-acceptance optional\"><span class=\"wpcf7-list-item\"><input type=\"checkbox\" name=\"your-acceptance-email\" value=\"1\" aria-invalid=\"false\" \/><\/span><\/span><\/span>\n\t\t<\/p>\n\t\t<div>\n\t\t\t<p>E-mail\n\t\t\t<\/p>\n\t\t<\/div>\n\t<\/div>\n\t<div class=\"checkbox-input\" style=\"font-size: 0.75em\">\n\t\t<p><span class=\"wpcf7-form-control-wrap\" data-name=\"your-acceptance-sms\"><span class=\"wpcf7-form-control wpcf7-acceptance optional\"><span class=\"wpcf7-list-item\"><input type=\"checkbox\" name=\"your-acceptance-sms\" value=\"1\" aria-invalid=\"false\" \/><\/span><\/span><\/span>\n\t\t<\/p>\n\t\t<div>\n\t\t\t<p>SMS\n\t\t\t<\/p>\n\t\t<\/div>\n\t<\/div>\n\t<div class=\"checkbox-input\" style=\"font-size: 0.75em\">\n\t\t<p><span class=\"wpcf7-form-control-wrap\" data-name=\"your-acceptance-tel\"><span class=\"wpcf7-form-control wpcf7-acceptance optional\"><span class=\"wpcf7-list-item\"><input type=\"checkbox\" name=\"your-acceptance-tel\" value=\"1\" aria-invalid=\"false\" \/><\/span><\/span><\/span>\n\t\t<\/p>\n\t\t<div>\n\t\t\t<p>Kontakt telefoniczny\n\t\t\t<\/p>\n\t\t<\/div>\n\t<\/div>\n\t<div style=\"font-size: 0.75em\">\n\t\t<p>*przez Grup\u0119 Wanicki rozumie si\u0119 nast\u0119puj\u0105ce sp\u00f3\u0142ki: Firma Wanicki sp. z o.o. z siedzib\u0105 w Mogilanach, ul. My\u015blenicka 19, 32-031 Mogilany, KRS: 0000214618; Wanicki Serwis sp. z o.o. z siedzib\u0105 w Mogilanach, ul. My\u015blenicka 19, 32.-031 Mogilany, KRS: 0000225703, MW Wanicki sp. z o.o. z siedzib\u0105 w Mogilanach, ul. My\u015blenicka 19, 32.-031 Mogilany, KRS: 0000290954; BW Wanicki sp. z o.o. z siedzib\u0105 w Mogilanach, ul. My\u015blenicka 19, 32.-031 Mogilany, KRS: 0000277732; SW Wanicki sp. z o.o. z siedzib\u0105 w Mogilanach, ul. My\u015blenicka 19, 32.-031 Mogilany, KRS: 0000318232; Nedpol Truck Service sp. z o.o. z siedzib\u0105 w Romanowie, Roman\u00f3w 10b, 42-260 Roman\u00f3w, KRS: 0000062292; WW Wanicki sp. z o.o. z siedzib\u0105 w Trzcianie, Trzciana 162, 36-071 Trzciana, KRS: 0000214811; PT Wanicki sp. z o.o. z siedzib\u0105 w Mogilanach, ul. My\u015blenicka 19, 32.-031 Mogilany, KRS: 0001069064; Wanicki Rental sp. z o.o. z siedzib\u0105 w Mogilanach, ul. My\u015blenicka 19, 32.-031 Mogilany, KRS: 0000997992.\n\t\t<\/p>\n\t<\/div>\n\t<p><input class=\"wpcf7-form-control wpcf7-submit has-spinner\" type=\"submit\" value=\"Wy\u015blij formularz\" \/>\n\t<\/p>\n<\/div><div class=\"wpcf7-response-output\" aria-hidden=\"true\"><\/div>\n<\/form>\n<\/div>\n        <\/div>\n    <\/div>\n<\/div>\n\n\n<div class=\"wp-block-wanicki-image-with-text image-with-text \">\n\n    <div class=\"image-with-text__image\">\n                    <div class=\"image-with-text__image-photo\"\n                 style=\"background-image: url(https:\/\/wanicki.pl\/wp-content\/uploads\/2025\/12\/zdjecie-sniadanie-jd.jpg)\"><\/div>\n            <\/div>\n\n    <div class=\"image-with-text__info  \">\n                    <div class=\"image-with-text__info-title-wrapper\">\n                <h2 class=\"image-with-text__info-title\">Porozmawiajmy o tym, co wa\u017cne<\/h2>\n                                    <\/div>\n                            <div class=\"image-with-text__info-text\">\n                <p data-start=\"142\" data-end=\"354\">To spotkanie traktujemy jako <strong data-start=\"171\" data-end=\"223\">wsp\u00f3lne miejsce do rozmowy i wymiany do\u015bwiadcze\u0144<\/strong> z tymi, kt\u00f3rzy na co dzie\u0144 pracuj\u0105 w gospodarstwie. Chcemy us\u0142ysze\u0107, z czym si\u0119 mierzycie, co si\u0119 sprawdza, a co warto ulepszy\u0107. Z naszej strony podzielimy si\u0119 praktyczn\u0105 wiedz\u0105 i obserwacjami z terenu, ale kluczowe jest dla nas to, \u017ceby <strong data-start=\"465\" data-end=\"521\">porozmawia\u0107 razem o realnych sytuacjach i potrzebach<\/strong>.<\/p>\n\n            <\/div>\n                            <a href=\"#formularz\" class=\"btn btn--primary image-with-text__button \"\n               >WYPE\u0141NIAM FORMULARZ<\/a>\n                \n    <\/div>\n\n<\/div>\n\n\n<div class=\"wp-block-wanicki-image-with-text image-with-text  image-with-text--reversed \">\n\n    <div class=\"image-with-text__image\">\n                    <div class=\"image-with-text__image-photo\"\n                 style=\"background-image: url(https:\/\/wanicki.pl\/wp-content\/uploads\/2025\/08\/PrzechwytywanieNFFTGHN.png)\"><\/div>\n            <\/div>\n\n    <div class=\"image-with-text__info  image-with-text__info--reversed  \">\n                    <div class=\"image-with-text__info-title-wrapper\">\n                <h2 class=\"image-with-text__info-title\">Dlaczego warto wzi\u0105\u0107 udzia\u0142?<\/h2>\n                                    <\/div>\n                            <div class=\"image-with-text__info-text\">\n                <ul>\n<li data-start=\"265\" data-end=\"355\">Bo kawa smakuje lepiej w dobrym towarzystwie<\/li>\n<li data-start=\"265\" data-end=\"355\">Bo jedna dobra rozmowa potrafi uporz\u0105dkowa\u0107 wiele spraw w gospodarstwie i podsun\u0105\u0107 gotowe rozwi\u0105zania.<\/li>\n<li data-start=\"265\" data-end=\"355\">Bo lepiej uczy\u0107 si\u0119 na do\u015bwiadczeniu innych ni\u017c w\u0142asnych b\u0142\u0119dach<\/li>\n<\/ul>\n<p data-renderer-start-pos=\"996\"><strong>Zapraszamy!<\/strong><\/p>\n\n            <\/div>\n                        \n    <\/div>\n\n<\/div>\n\n\n<div class=\"wp-block-wanicki-cta-banner cta-banner\">\n    <div class=\"container\">\n        <div class=\"cta-banner__container\">\n            <div class=\"cta-banner__image\"\n                  style=\"background-image: url(https:\/\/wanicki.pl\/wp-content\/uploads\/2025\/08\/VVSDV-SDV.png)\"             ><\/div>\n            <h2 class=\"cta-banner__title\">Zapisz si\u0119 ju\u017c dzi\u015b<\/h2>\n                                    <div class=\"cta-banner__buttons\">\n                                            <a\n                            href=\"#formularz\"\n                            class=\"btn cta-banner__button \"\n                                                        target=\"\"\n                        >\n                            FORMULARZ\n                        <\/a>\n                                                        <\/div>\n                    <\/div>\n    <\/div>\n<\/div>\n\n\n\n<p><\/p>\n","protected":false},"excerpt":{"rendered":"","protected":false},"author":2,"featured_media":0,"parent":0,"menu_order":0,"comment_status":"closed","ping_status":"closed","template":"","meta":{"_acf_changed":false,"_seopress_robots_primary_cat":"","_seopress_titles_title":"Kawa u Wanickiego - Porozmawiajmy!","_seopress_titles_desc":"Zapraszamy do wsp\u00f3lnej rozmowy przy dobrej kawie o codziennych wyzwaniach w gospodarstwie oraz mo\u017cliwo\u015bciach, kt\u00f3re mog\u0105 u\u0142atwi\u0107 prac\u0119 i obni\u017cy\u0107 koszty. Wejd\u017a na stron\u0119 i dowiedz si\u0119 wi\u0119cej!","_seopress_robots_index":"","inline_featured_image":false,"footnotes":""},"class_list":["post-9194","page","type-page","status-publish","hentry"],"acf":[],"_links":{"self":[{"href":"https:\/\/wanicki.pl\/en\/wp-json\/wp\/v2\/pages\/9194","targetHints":{"allow":["GET"]}}],"collection":[{"href":"https:\/\/wanicki.pl\/en\/wp-json\/wp\/v2\/pages"}],"about":[{"href":"https:\/\/wanicki.pl\/en\/wp-json\/wp\/v2\/types\/page"}],"author":[{"embeddable":true,"href":"https:\/\/wanicki.pl\/en\/wp-json\/wp\/v2\/users\/2"}],"replies":[{"embeddable":true,"href":"https:\/\/wanicki.pl\/en\/wp-json\/wp\/v2\/comments?post=9194"}],"version-history":[{"count":14,"href":"https:\/\/wanicki.pl\/en\/wp-json\/wp\/v2\/pages\/9194\/revisions"}],"predecessor-version":[{"id":9229,"href":"https:\/\/wanicki.pl\/en\/wp-json\/wp\/v2\/pages\/9194\/revisions\/9229"}],"wp:attachment":[{"href":"https:\/\/wanicki.pl\/en\/wp-json\/wp\/v2\/media?parent=9194"}],"curies":[{"name":"wp","href":"https:\/\/api.w.org\/{rel}","templated":true}]}}