{"id":1919,"date":"2024-07-01T14:35:33","date_gmt":"2024-07-01T12:35:33","guid":{"rendered":"https:\/\/wanicki.pl\/tatra\/?post_type=offer&#038;p=1919"},"modified":"2024-12-15T06:04:35","modified_gmt":"2024-12-15T05:04:35","slug":"lesnictwo","status":"publish","type":"offer","link":"https:\/\/wanicki.pl\/tatra\/oferta\/pojazdy\/dla-branzy\/lesnictwo\/","title":{"rendered":"Le\u015bnictwo"},"content":{"rendered":"<div class=\"wp-block-wanicki-image-with-text image-with-text  image-with-text--reversed \">\n\n    <div class=\"image-with-text__image\">\n                    <div class=\"image-with-text__image-photo\"\n                 style=\"background-image: url(https:\/\/wanicki.pl\/tatra\/wp-content\/uploads\/sites\/4\/2024\/07\/TATRA-PHOENIX-Euro6_6x6_forestry_semi-trailer_01-scaled.jpg)\"><\/div>\n            <\/div>\n\n    <div class=\"image-with-text__info  image-with-text__info--reversed  \">\n                    <div class=\"image-with-text__info-title-wrapper\">\n                <h2 class=\"image-with-text__info-title image-with-text__info-title--big\">Profesjonalna si\u0142a w trudnym terenie<\/h2>\n                                    <\/div>\n                            <div class=\"image-with-text__info-text\">\n                <p>Postaw na Tatr\u0119 i zyskaj pewno\u015b\u0107, kt\u00f3ra jest niezb\u0119dna w wymagaj\u0105cym \u015brodowisku le\u015bnym. Odkryj potencja\u0142 drzemi\u0105cy w tych pojazdach i wznie\u015b efektywno\u015b\u0107 swojej pracy na nowy poziom!<\/p>\n<p>Zbudowana z my\u015bl\u0105 o najtrudniejszych warunkach terenowych Tatra \u0142\u0105czy w sobie solidn\u0105 konstrukcj\u0119 z zaawansowan\u0105 technologi\u0105. To gwarancja niezawodno\u015bci, doskona\u0142ej zwrotno\u015bci i stabilno\u015bci w ka\u017cdym zak\u0105tku lasu.<\/p>\n<p>Tatra to idealny wyb\u00f3r dla firm le\u015bnych, kt\u00f3re poszukuj\u0105 niezawodnego partnera do codziennych zada\u0144 w lesie. Szeroki wachlarz mo\u017cliwo\u015bci konfiguracji pozwala na idealne dopasowanie pojazdu do indywidualnych potrzeb i wymaga\u0144.<\/p>\n\n            <\/div>\n                        \n    <\/div>\n\n<\/div>\n\n\n<div class=\"wp-block-wanicki-image-with-text image-with-text \">\n\n    <div class=\"image-with-text__image\">\n                    <div class=\"image-with-text__image-photo\"\n                 style=\"background-image: url(https:\/\/wanicki.pl\/tatra\/wp-content\/uploads\/sites\/4\/2024\/07\/TATRA_PHOENIX_6X6_PRASIDENT_forestry_JT_II-scaled.jpg)\"><\/div>\n            <\/div>\n\n    <div class=\"image-with-text__info   image-with-text__info--white \">\n                    <div class=\"image-with-text__info-title-wrapper\">\n                <h2 class=\"image-with-text__info-title image-with-text__info-title--big\">Niestandardowe zabudowy<\/h2>\n                                    <\/div>\n                            <div class=\"image-with-text__info-text\">\n                <p>Szukasz idealnego rozwi\u0105zania dla swojej firmy le\u015bnej? TATRA oferuje nadbud\u00f3wki budowane na zam\u00f3wienie, kt\u00f3re spe\u0142ni\u0105 nawet najbardziej wymagaj\u0105ce potrzeby. Dostosujemy pojazd do Twoich specyficznych zada\u0144, zapewniaj\u0105c maksymaln\u0105 funkcjonalno\u015b\u0107 i wydajno\u015b\u0107.<\/p>\n\n            <\/div>\n                        \n    <\/div>\n\n<\/div>\n\n\n<div class=\"wp-block-wanicki-image-with-text image-with-text  image-with-text--reversed \">\n\n    <div class=\"image-with-text__image\">\n                    <div class=\"image-with-text__image-photo\"\n                 style=\"background-image: url(https:\/\/wanicki.pl\/tatra\/wp-content\/uploads\/sites\/4\/2024\/07\/TATRA-PHOENIX-Euro6_6x6_forestry-2_21-scaled.jpg)\"><\/div>\n            <\/div>\n\n    <div class=\"image-with-text__info  image-with-text__info--reversed   image-with-text__info--white \">\n                    <div class=\"image-with-text__info-title-wrapper\">\n                <h2 class=\"image-with-text__info-title image-with-text__info-title--big\">Niezr\u00f3wnana mobilno\u015b\u0107 dzi\u0119ki unikalnemu podwoziu<\/h2>\n                                    <\/div>\n                            <div class=\"image-with-text__info-text\">\n                <p>Podstaw\u0105 niezr\u00f3wnanej mobilno\u015bci i wszechstronno\u015bci ka\u017cdego pojazdu TATRA jest legendarne podwozie o unikalnej konstrukcji. To w\u0142a\u015bnie ono zapewnia niezr\u00f3wnan\u0105 wydajno\u015b\u0107 w najtrudniejszych warunkach i pozwala na podj\u0119cie ka\u017cdego wyzwania.<\/p>\n\n            <\/div>\n                        \n    <\/div>\n\n<\/div>\n\n\n<div class=\"wp-block-wanicki-image-with-text image-with-text \">\n\n    <div class=\"image-with-text__image\">\n                    <div class=\"image-with-text__image-photo\"\n                 style=\"background-image: url(https:\/\/wanicki.pl\/tatra\/wp-content\/uploads\/sites\/4\/2024\/07\/TATRA-PHOENIX-Euro6_6x6_forestry-21-scaled.jpg)\"><\/div>\n            <\/div>\n\n    <div class=\"image-with-text__info  \">\n                    <div class=\"image-with-text__info-title-wrapper\">\n                <h2 class=\"image-with-text__info-title image-with-text__info-title--big\">Pokonaj ka\u017cde wyzwanie terenowe<\/h2>\n                                    <\/div>\n                            <div class=\"image-with-text__info-text\">\n                <p>Dzi\u0119ki nap\u0119dowi na wszystkie ko\u0142a i opcjonalnemu nap\u0119dowi na przedni\u0105 o\u015b, pojazdy TATRA poradz\u0105 sobie z ka\u017cdym, nawet najbardziej wymagaj\u0105cym terenem. Niezale\u017cnie od tego, czy pracujesz na b\u0142otnistych szlakach, nier\u00f3wnych zboczach, czy w trudnych warunkach zimowych, TATRA zapewni Ci pewno\u015b\u0107 i stabilno\u015b\u0107.<\/p>\n\n            <\/div>\n                        \n    <\/div>\n\n<\/div>\n\n\n<div class=\"wp-block-wanicki-image-with-text image-with-text  image-with-text--reversed \">\n\n    <div class=\"image-with-text__image\">\n                    <div class=\"image-with-text__image-photo\"\n                 style=\"background-image: url(https:\/\/wanicki.pl\/tatra\/wp-content\/uploads\/sites\/4\/2024\/07\/TATRA-PHOENIX-Euro6_6x6_forestry_trailer_01-scaled-e1720013731456.jpg)\"><\/div>\n            <\/div>\n\n    <div class=\"image-with-text__info  image-with-text__info--reversed   image-with-text__info--white \">\n                    <div class=\"image-with-text__info-title-wrapper\">\n                <h2 class=\"image-with-text__info-title image-with-text__info-title--big\">komfort jazdy na najwy\u017cszym poziomie <\/h2>\n                                    <\/div>\n                            <div class=\"image-with-text__info-text\">\n                <p>Odkryj nowy wymiar komfortu jazdy dzi\u0119ki zawieszeniu pneumatycznemu na wszystkich osiach.<\/p>\n<p>Lekka i zintegrowana konstrukcja \u0142\u0105cz\u0105ca miechy pneumatyczne i spr\u0119\u017cyny \u015brubowe na wszystkich osiach zapewnia:<\/p>\n<ul>\n<li>Maksymalny komfort jazdy, nawet na najbardziej wyboistych trasach.<\/li>\n<li>Doskona\u0142\u0105 kontrol\u0119 nad pojazdem w ka\u017cdych warunkach.<\/li>\n<li>P\u0142ynne i ciche pokonywanie nier\u00f3wno\u015bci.<\/li>\n<li>Zwi\u0119kszon\u0105 stabilno\u015b\u0107 i bezpiecze\u0144stwo jazdy.<\/li>\n<\/ul>\n\n            <\/div>\n                        \n    <\/div>\n\n<\/div>\n","protected":false},"author":1,"featured_media":2066,"parent":1915,"menu_order":6,"template":"offer-sub-category_no-series","class_list":["post-1919","offer","type-offer","status-publish","has-post-thumbnail","hentry"],"acf":[],"_links":{"self":[{"href":"https:\/\/wanicki.pl\/tatra\/wp-json\/wp\/v2\/offer\/1919","targetHints":{"allow":["GET"]}}],"collection":[{"href":"https:\/\/wanicki.pl\/tatra\/wp-json\/wp\/v2\/offer"}],"about":[{"href":"https:\/\/wanicki.pl\/tatra\/wp-json\/wp\/v2\/types\/offer"}],"author":[{"embeddable":true,"href":"https:\/\/wanicki.pl\/tatra\/wp-json\/wp\/v2\/users\/1"}],"up":[{"embeddable":true,"href":"https:\/\/wanicki.pl\/tatra\/wp-json\/wp\/v2\/offer\/1915"}],"wp:featuredmedia":[{"embeddable":true,"href":"https:\/\/wanicki.pl\/tatra\/wp-json\/wp\/v2\/media\/2066"}],"wp:attachment":[{"href":"https:\/\/wanicki.pl\/tatra\/wp-json\/wp\/v2\/media?parent=1919"}],"curies":[{"name":"wp","href":"https:\/\/api.w.org\/{rel}","templated":true}]}}