{"id":1803,"date":"2024-06-25T09:34:17","date_gmt":"2024-06-25T07:34:17","guid":{"rendered":"https:\/\/wanicki.pl\/tatra\/?page_id=1803"},"modified":"2024-09-11T09:08:50","modified_gmt":"2024-09-11T07:08:50","slug":"strona-glowna","status":"publish","type":"page","link":"https:\/\/wanicki.pl\/tatra\/","title":{"rendered":"Strona g\u0142\u00f3wna"},"content":{"rendered":"<div class=\"wp-block-wanicki-hero-header hero-header\">\n    <div class=\"hero-header__image hero-header__image--desktop\"\n          style=\"background-image: url(https:\/\/wanicki.pl\/tatra\/wp-content\/uploads\/sites\/4\/2024\/07\/baner_tatra-jasny.jpg)\" ><\/div>\n    <div class=\"hero-header__image hero-header__image--mobile\"\n          style=\"background-image: url(https:\/\/wanicki.pl\/tatra\/wp-content\/uploads\/sites\/4\/2024\/07\/baner_tatra-jasny.jpg)\"\n            >\n    <\/div>\n    <div class=\"hero-header__container container\">\n        <h1 class=\"hero-header__title\"> <br><strong>POKONAJ NIEMO\u017bLIWE<\/strong><\/h1>\n                    <div class=\"hero-header__subtitle\"><p>Pewno\u015b\u0107 w ka\u017cdych warunkach. Samoch\u00f3d ci\u0119\u017carowy z nap\u0119dem na wszystkie ko\u0142a spe\u0142niaj\u0105cy najwy\u017csze wymagania.<\/p>\n<\/div>\n                    <\/div>\n<\/div>\n\n\n<div class=\"wp-block-wanicki-icon-link icon-link\">\n\n    \n    \n<\/div>\n\n\n<div class=\"wp-block-wanicki-image-with-text image-with-text  image-with-text--reversed \">\n\n    <div class=\"image-with-text__image\">\n                    <div class=\"image-with-text__image-photo\"\n                 style=\"background-image: url(https:\/\/wanicki.pl\/tatra\/wp-content\/uploads\/sites\/4\/2024\/06\/TATRA-PHOENIX-Euro6-Prasident-6x6_06-1-scaled.jpg)\"><\/div>\n            <\/div>\n\n    <div class=\"image-with-text__info  image-with-text__info--reversed   image-with-text__info--white \">\n                    <div class=\"image-with-text__info-title-wrapper\">\n                <h2 class=\"image-with-text__info-title image-with-text__info-title--big\">NIESKO\u0143CZONE MO\u017bLIWO\u015aCI<\/h2>\n                                    <\/div>\n                            <div class=\"image-with-text__info-text\">\n                <p><strong>Kiedy inni ju\u017c nie mog\u0105, TATRA mo\u017ce.<\/strong><\/p>\n<p>Dzi\u0119ki unikalnej koncepcji podwozia sk\u0142adaj\u0105cej si\u0119 z odpornej na skr\u0119canie centralnej ramy rurowej i niezwykle regulowanych, pneumatycznych p\u00f3\u0142osi.<\/p>\n<p>Ta legendarna konstrukcja od dekad stanowi synonim <strong>absolutnego specjalisty w dziedzinie jazdy terenowej.<\/strong> Liczne zwyci\u0119stwa w Rajdzie Dakar s\u0105 jedynie potwierdzeniem niezr\u00f3wnanych mo\u017cliwo\u015bci TATRY i jej zas\u0142u\u017conej renomy.<\/p>\n\n            <\/div>\n                        \n    <\/div>\n\n<\/div>\n\n\n<div class=\"wp-block-wanicki-image-with-text image-with-text \">\n\n    <div class=\"image-with-text__image\">\n                    <div class=\"image-with-text__image-photo\"\n                 style=\"background-image: url(https:\/\/wanicki.pl\/tatra\/wp-content\/uploads\/sites\/4\/2024\/07\/dempr_8x8_SO5A6101-e1720073932614.jpg)\"><\/div>\n            <\/div>\n\n    <div class=\"image-with-text__info  \">\n                    <div class=\"image-with-text__info-title-wrapper\">\n                <h2 class=\"image-with-text__info-title image-with-text__info-title--big\">Innowacyjna konstrukcja<\/h2>\n                                    <\/div>\n                            <div class=\"image-with-text__info-text\">\n                <p><strong>Unikalna konstrukcja pojazd\u00f3w TATRA wyr\u00f3\u017cnia si\u0119<\/strong> <strong>brakiem kratownicy<\/strong> <strong>pomi\u0119dzy podwoziem a zabudow\u0105.<\/strong><\/p>\n<p data-sourcepos=\"3:1-3:166\">Jakie s\u0105 zalety tego rozwi\u0105zania?<\/p>\n<ul data-sourcepos=\"5:1-8:0\">\n<li data-sourcepos=\"5:1-5:176\"><strong>Ni\u017csza masa eksploatacyjna:<\/strong> Brak kratownicy oznacza mniejsz\u0105 wag\u0119 pojazdu, co przek\u0142ada si\u0119 na mniejsze zu\u017cycie paliwa, lepsze osi\u0105gi i wi\u0119ksz\u0105 \u0142adowno\u015b\u0107.<\/li>\n<li data-sourcepos=\"6:1-6:202\"><strong>Wi\u0119ksza wytrzyma\u0142o\u015b\u0107:<\/strong> Innowacyjna konstrukcja zwi\u0119ksza sztywno\u015b\u0107 ramy i poprawia odporno\u015b\u0107 na uszkodzenia, co czyni pojazdy TATRA bardziej wytrzyma\u0142ymi w trudnych warunkach terenowych.<\/li>\n<li data-sourcepos=\"7:1-8:0\"><strong>Wi\u0119ksza funkcjonalno\u015b\u0107:<\/strong> Brak kratownicy u\u0142atwia monta\u017c i demonta\u017c zabudowy, a tak\u017ce zapewnia wi\u0119cej miejsca wewn\u0105trz pojazdu.<\/li>\n<\/ul>\n\n            <\/div>\n                        \n    <\/div>\n\n<\/div>\n\n\n<div class=\"wp-block-wanicki-image-with-text image-with-text  image-with-text--reversed \">\n\n    <div class=\"image-with-text__image\">\n                    <div class=\"image-with-text__image-photo\"\n                 style=\"background-image: url(https:\/\/wanicki.pl\/tatra\/wp-content\/uploads\/sites\/4\/2024\/06\/mg_9228.jpg)\"><\/div>\n            <\/div>\n\n    <div class=\"image-with-text__info  image-with-text__info--reversed   image-with-text__info--white \">\n                    <div class=\"image-with-text__info-title-wrapper\">\n                <h2 class=\"image-with-text__info-title image-with-text__info-title--big\">O NAS<\/h2>\n                                    <\/div>\n                            <div class=\"image-with-text__info-text\">\n                <p>Jeste\u015bmy autoryzowanym dealerem marki Tatra. Nasza firma oferuje kompleksow\u0105 obs\u0142ug\u0119 full-service. Dzi\u0119ki zaufanym markom oraz naszym mo\u017cliwo\u015bciom finansowania i ubezpiecze\u0144, zapewniamy profesjonaln\u0105 obs\u0142ug\u0119 sprzeda\u017cow\u0105 i posprzeda\u017cow\u0105.<\/p>\n<p><strong>Je\u015bli poszukujesz solidnego i wydajnego pojazdu, kt\u00f3ry b\u0119dzie niezawodnym partnerem w pracy, wybierz pojazdy marki Tatra.<\/strong><\/p>\n\n            <\/div>\n                        \n    <\/div>\n\n<\/div>\n\n\n<div class=\"wp-block-wanicki-cta-banner cta-banner\">\n    <div class=\"container\">\n        <div class=\"cta-banner__container\">\n            <div class=\"cta-banner__image\"\n                  style=\"background-image: url(https:\/\/wanicki.pl\/tatra\/wp-content\/uploads\/sites\/4\/2024\/06\/TATRA_trucks_joint_4x4_6x6_8x8_10x8_12x6_12x12_14x12_16x8x-1-1.jpg)\"             ><\/div>\n            <h2 class=\"cta-banner__title\">Potrzebujesz samochodu ci\u0119\u017carowego do zada\u0144 specjalnych?<\/h2>\n                                    <div class=\"cta-banner__buttons\">\n                                            <a\n                            href=\"https:\/\/wanicki.pl\/tatra\/oferta\/pojazdy\/\"\n                            class=\"btn cta-banner__button \"\n                                                        target=\"\"\n                        >\n                            Poznaj ofert\u0119\n                        <\/a>\n                                                        <\/div>\n                    <\/div>\n    <\/div>\n<\/div>\n","protected":false},"excerpt":{"rendered":"","protected":false},"author":1,"featured_media":0,"parent":0,"menu_order":0,"comment_status":"closed","ping_status":"closed","template":"","meta":{"_acf_changed":false,"_seopress_robots_primary_cat":"","_seopress_titles_title":"Tatra - Wanicki.pl","_seopress_titles_desc":"Wanicki - dealer Tatry \u2705 Samoch\u00f3d ci\u0119\u017carowy do zada\u0144 specjalnych \u2705 Dowiedz si\u0119 wi\u0119cej o unikatowej konstrukcji Tatry  \u2705 Zobacz wi\u0119cej!","_seopress_robots_index":"","inline_featured_image":false,"footnotes":""},"class_list":["post-1803","page","type-page","status-publish","hentry"],"acf":[],"_links":{"self":[{"href":"https:\/\/wanicki.pl\/tatra\/wp-json\/wp\/v2\/pages\/1803","targetHints":{"allow":["GET"]}}],"collection":[{"href":"https:\/\/wanicki.pl\/tatra\/wp-json\/wp\/v2\/pages"}],"about":[{"href":"https:\/\/wanicki.pl\/tatra\/wp-json\/wp\/v2\/types\/page"}],"author":[{"embeddable":true,"href":"https:\/\/wanicki.pl\/tatra\/wp-json\/wp\/v2\/users\/1"}],"replies":[{"embeddable":true,"href":"https:\/\/wanicki.pl\/tatra\/wp-json\/wp\/v2\/comments?post=1803"}],"version-history":[{"count":18,"href":"https:\/\/wanicki.pl\/tatra\/wp-json\/wp\/v2\/pages\/1803\/revisions"}],"predecessor-version":[{"id":2144,"href":"https:\/\/wanicki.pl\/tatra\/wp-json\/wp\/v2\/pages\/1803\/revisions\/2144"}],"wp:attachment":[{"href":"https:\/\/wanicki.pl\/tatra\/wp-json\/wp\/v2\/media?parent=1803"}],"curies":[{"name":"wp","href":"https:\/\/api.w.org\/{rel}","templated":true}]}}